 {"id":4732,"date":"2026-03-25T17:09:32","date_gmt":"2026-03-25T15:09:32","guid":{"rendered":"https:\/\/www.arxiusoberts.cat\/ca\/?post_type=arxius&#038;p=4732"},"modified":"2026-03-25T17:09:32","modified_gmt":"2026-03-25T15:09:32","slug":"manifestacio-i-vaga-unitaria-de-treballadors-del-27-de-gener-de-1994-autor-desconegut-imatge-del-llibre","status":"publish","type":"arxius","link":"https:\/\/www.arxiusoberts.cat\/ca\/arxiu\/manifestacio-i-vaga-unitaria-de-treballadors-del-27-de-gener-de-1994-autor-desconegut-imatge-del-llibre\/","title":{"rendered":"&#8220;Manifestaci\u00f3 i vaga unit\u00e0ria de treballadors del 27 de gener de 1994. Autor desconegut. Imatge del llibre"},"content":{"rendered":"<p><span data-sheets-root=\"1\">Manifestaci\u00f3 i vaga unit\u00e0ria de treballadors del 27 de gener de 1994. Autor desconegut.<br \/>\nImatge del llibre Una d\u00e9cada de Resistencia. Brian Anglo. Cortesia de l\u2019Arxiu de Rafa Crespo<\/span><\/p>\n","protected":false},"featured_media":4733,"template":"","class_list":["post-4732","arxius","type-arxius","status-publish","has-post-thumbnail","hentry","contribuidor-arxius-negres"],"yoast_head":"<!-- This site is optimized with the Yoast SEO plugin v21.7 - https:\/\/yoast.com\/wordpress\/plugins\/seo\/ -->\n<title>&quot;Manifestaci\u00f3 i vaga unit\u00e0ria de treballadors del 27 de gener de 1994. Autor desconegut. Imatge del llibre - Arxius Oberts<\/title>\n<meta name=\"robots\" content=\"index, follow, max-snippet:-1, max-image-preview:large, max-video-preview:-1\" \/>\n<link rel=\"canonical\" href=\"https:\/\/www.arxiusoberts.cat\/ca\/arxiu\/manifestacio-i-vaga-unitaria-de-treballadors-del-27-de-gener-de-1994-autor-desconegut-imatge-del-llibre\/\" \/>\n<meta property=\"og:locale\" content=\"ca_ES\" \/>\n<meta property=\"og:type\" content=\"article\" \/>\n<meta property=\"og:title\" content=\"&quot;Manifestaci\u00f3 i vaga unit\u00e0ria de treballadors del 27 de gener de 1994. Autor desconegut. Imatge del llibre - Arxius Oberts\" \/>\n<meta property=\"og:description\" content=\"Manifestaci\u00f3 i vaga unit\u00e0ria de treballadors del 27 de gener de 1994. Autor desconegut. Imatge del llibre Una d\u00e9cada de Resistencia. Brian Anglo. Cortesia de l\u2019Arxiu de Rafa Crespo\" \/>\n<meta property=\"og:url\" content=\"https:\/\/www.arxiusoberts.cat\/ca\/arxiu\/manifestacio-i-vaga-unitaria-de-treballadors-del-27-de-gener-de-1994-autor-desconegut-imatge-del-llibre\/\" \/>\n<meta property=\"og:site_name\" content=\"Arxius Oberts\" \/>\n<meta property=\"og:image\" content=\"http:\/\/www.arxiusoberts.cat\/wp-content\/uploads\/2026\/03\/HUELGA-Unitaria-1024x714.png\" \/>\n\t<meta property=\"og:image:width\" content=\"1024\" \/>\n\t<meta property=\"og:image:height\" content=\"714\" \/>\n\t<meta property=\"og:image:type\" content=\"image\/png\" \/>\n<meta name=\"twitter:card\" content=\"summary_large_image\" \/>\n<meta name=\"twitter:label1\" content=\"Temps estimat de lectura\" \/>\n\t<meta name=\"twitter:data1\" content=\"1 minut\" \/>\n<script type=\"application\/ld+json\" class=\"yoast-schema-graph\">{\"@context\":\"https:\/\/schema.org\",\"@graph\":[{\"@type\":\"WebPage\",\"@id\":\"https:\/\/www.arxiusoberts.cat\/ca\/arxiu\/manifestacio-i-vaga-unitaria-de-treballadors-del-27-de-gener-de-1994-autor-desconegut-imatge-del-llibre\/\",\"url\":\"https:\/\/www.arxiusoberts.cat\/ca\/arxiu\/manifestacio-i-vaga-unitaria-de-treballadors-del-27-de-gener-de-1994-autor-desconegut-imatge-del-llibre\/\",\"name\":\"\\\"Manifestaci\u00f3 i vaga unit\u00e0ria de treballadors del 27 de gener de 1994. Autor desconegut. Imatge del llibre - Arxius Oberts\",\"isPartOf\":{\"@id\":\"https:\/\/www.arxiusoberts.cat\/ca\/#website\"},\"datePublished\":\"2026-03-25T15:09:32+00:00\",\"dateModified\":\"2026-03-25T15:09:32+00:00\",\"breadcrumb\":{\"@id\":\"https:\/\/www.arxiusoberts.cat\/ca\/arxiu\/manifestacio-i-vaga-unitaria-de-treballadors-del-27-de-gener-de-1994-autor-desconegut-imatge-del-llibre\/#breadcrumb\"},\"inLanguage\":\"ca\",\"potentialAction\":[{\"@type\":\"ReadAction\",\"target\":[\"https:\/\/www.arxiusoberts.cat\/ca\/arxiu\/manifestacio-i-vaga-unitaria-de-treballadors-del-27-de-gener-de-1994-autor-desconegut-imatge-del-llibre\/\"]}]},{\"@type\":\"BreadcrumbList\",\"@id\":\"https:\/\/www.arxiusoberts.cat\/ca\/arxiu\/manifestacio-i-vaga-unitaria-de-treballadors-del-27-de-gener-de-1994-autor-desconegut-imatge-del-llibre\/#breadcrumb\",\"itemListElement\":[{\"@type\":\"ListItem\",\"position\":1,\"name\":\"Inici\",\"item\":\"https:\/\/www.arxiusoberts.cat\/ca\/\"},{\"@type\":\"ListItem\",\"position\":2,\"name\":\"&#8220;Manifestaci\u00f3 i vaga unit\u00e0ria de treballadors del 27 de gener de 1994. Autor desconegut. Imatge del llibre\"}]},{\"@type\":\"WebSite\",\"@id\":\"https:\/\/www.arxiusoberts.cat\/ca\/#website\",\"url\":\"https:\/\/www.arxiusoberts.cat\/ca\/\",\"name\":\"Arxius Oberts\",\"description\":\"Narratives comunit\u00e0ries de Barcelona\",\"potentialAction\":[{\"@type\":\"SearchAction\",\"target\":{\"@type\":\"EntryPoint\",\"urlTemplate\":\"https:\/\/www.arxiusoberts.cat\/ca\/?s={search_term_string}\"},\"query-input\":\"required name=search_term_string\"}],\"inLanguage\":\"ca\"}]}<\/script>\n<!-- \/ Yoast SEO plugin. -->","yoast_head_json":{"title":"\"Manifestaci\u00f3 i vaga unit\u00e0ria de treballadors del 27 de gener de 1994. Autor desconegut. Imatge del llibre - Arxius Oberts","robots":{"index":"index","follow":"follow","max-snippet":"max-snippet:-1","max-image-preview":"max-image-preview:large","max-video-preview":"max-video-preview:-1"},"canonical":"https:\/\/www.arxiusoberts.cat\/ca\/arxiu\/manifestacio-i-vaga-unitaria-de-treballadors-del-27-de-gener-de-1994-autor-desconegut-imatge-del-llibre\/","og_locale":"ca_ES","og_type":"article","og_title":"\"Manifestaci\u00f3 i vaga unit\u00e0ria de treballadors del 27 de gener de 1994. Autor desconegut. Imatge del llibre - Arxius Oberts","og_description":"Manifestaci\u00f3 i vaga unit\u00e0ria de treballadors del 27 de gener de 1994. Autor desconegut. Imatge del llibre Una d\u00e9cada de Resistencia. Brian Anglo. Cortesia de l\u2019Arxiu de Rafa Crespo","og_url":"https:\/\/www.arxiusoberts.cat\/ca\/arxiu\/manifestacio-i-vaga-unitaria-de-treballadors-del-27-de-gener-de-1994-autor-desconegut-imatge-del-llibre\/","og_site_name":"Arxius Oberts","og_image":[{"width":1024,"height":714,"url":"http:\/\/www.arxiusoberts.cat\/wp-content\/uploads\/2026\/03\/HUELGA-Unitaria-1024x714.png","type":"image\/png"}],"twitter_card":"summary_large_image","twitter_misc":{"Temps estimat de lectura":"1 minut"},"schema":{"@context":"https:\/\/schema.org","@graph":[{"@type":"WebPage","@id":"https:\/\/www.arxiusoberts.cat\/ca\/arxiu\/manifestacio-i-vaga-unitaria-de-treballadors-del-27-de-gener-de-1994-autor-desconegut-imatge-del-llibre\/","url":"https:\/\/www.arxiusoberts.cat\/ca\/arxiu\/manifestacio-i-vaga-unitaria-de-treballadors-del-27-de-gener-de-1994-autor-desconegut-imatge-del-llibre\/","name":"\"Manifestaci\u00f3 i vaga unit\u00e0ria de treballadors del 27 de gener de 1994. Autor desconegut. Imatge del llibre - Arxius Oberts","isPartOf":{"@id":"https:\/\/www.arxiusoberts.cat\/ca\/#website"},"datePublished":"2026-03-25T15:09:32+00:00","dateModified":"2026-03-25T15:09:32+00:00","breadcrumb":{"@id":"https:\/\/www.arxiusoberts.cat\/ca\/arxiu\/manifestacio-i-vaga-unitaria-de-treballadors-del-27-de-gener-de-1994-autor-desconegut-imatge-del-llibre\/#breadcrumb"},"inLanguage":"ca","potentialAction":[{"@type":"ReadAction","target":["https:\/\/www.arxiusoberts.cat\/ca\/arxiu\/manifestacio-i-vaga-unitaria-de-treballadors-del-27-de-gener-de-1994-autor-desconegut-imatge-del-llibre\/"]}]},{"@type":"BreadcrumbList","@id":"https:\/\/www.arxiusoberts.cat\/ca\/arxiu\/manifestacio-i-vaga-unitaria-de-treballadors-del-27-de-gener-de-1994-autor-desconegut-imatge-del-llibre\/#breadcrumb","itemListElement":[{"@type":"ListItem","position":1,"name":"Inici","item":"https:\/\/www.arxiusoberts.cat\/ca\/"},{"@type":"ListItem","position":2,"name":"&#8220;Manifestaci\u00f3 i vaga unit\u00e0ria de treballadors del 27 de gener de 1994. Autor desconegut. Imatge del llibre"}]},{"@type":"WebSite","@id":"https:\/\/www.arxiusoberts.cat\/ca\/#website","url":"https:\/\/www.arxiusoberts.cat\/ca\/","name":"Arxius Oberts","description":"Narratives comunit\u00e0ries de Barcelona","potentialAction":[{"@type":"SearchAction","target":{"@type":"EntryPoint","urlTemplate":"https:\/\/www.arxiusoberts.cat\/ca\/?s={search_term_string}"},"query-input":"required name=search_term_string"}],"inLanguage":"ca"}]}},"_links":{"self":[{"href":"https:\/\/www.arxiusoberts.cat\/ca\/wp-json\/wp\/v2\/arxius\/4732","targetHints":{"allow":["GET"]}}],"collection":[{"href":"https:\/\/www.arxiusoberts.cat\/ca\/wp-json\/wp\/v2\/arxius"}],"about":[{"href":"https:\/\/www.arxiusoberts.cat\/ca\/wp-json\/wp\/v2\/types\/arxius"}],"wp:featuredmedia":[{"embeddable":true,"href":"https:\/\/www.arxiusoberts.cat\/ca\/wp-json\/wp\/v2\/media\/4733"}],"wp:attachment":[{"href":"https:\/\/www.arxiusoberts.cat\/ca\/wp-json\/wp\/v2\/media?parent=4732"}],"curies":[{"name":"wp","href":"https:\/\/api.w.org\/{rel}","templated":true}]}}