 {"id":2497,"date":"2021-12-10T12:36:08","date_gmt":"2021-12-10T10:36:08","guid":{"rendered":"http:\/\/localhost\/arxiusoberts.cat\/ca\/?post_type=arxius&#038;p=2497"},"modified":"2022-02-04T13:09:32","modified_gmt":"2022-02-04T11:09:32","slug":"piano-escriptori","status":"publish","type":"arxius","link":"https:\/\/www.arxiusoberts.cat\/ca\/arxiu\/piano-escriptori\/","title":{"rendered":"piano escriptori"},"content":{"rendered":"<p>\u00c9s un piano que est\u00e0 introdu\u00eft al segon calaix d&#8217;un moble en forma d&#8217;escriptori o calaixera amb la tapa superior de persiana. \u00c9s rectangular i t\u00e9 ordres dobles de cordes obliq\u00fces. El teclat t\u00e9 cinquanta-quatre tecles, de Do1 a Fa 5, i funciona amb mecanisme angl\u00e8s simple, sense apagadors i sense escapament. No t\u00e9 pedals ni registres, tot i que sota la caixa hi ha dos llistons en forma de falca del tipus de genollera, que actualment no tenen cap utilitat sonora per\u00f2 que possiblement abans subjectaven una sordina. nn\u00c9s obra de Josef Mart\u00ed, un reconegut constructor de pianos nascut cap al 1770. Se sap que ingress\u00e0 com a aprenent al Gremi de Fusters de Barcelona el 5 de febrer de 1784, del qual va formar part fins el 1819. Tot i aix\u00f2, va marxar a Madrid a formar-se amb Francisco Flores en algun moment abans de 1804 i en un anunci de 1805 ja parlar d\u2019un moble-instrument amb calaixos i escriptori que es correspondria amb aquest exemplar (Brugarolas, 2011).nn\u00c9s un moble de caoba amb guarniments de bronze als tiradors i la taula harm\u00f2nica d\u2019avet. Al davant hi ha motius pintats en forma de garlandes de flors i la marca. El teclat duu una motllura frontal cont\u00ednua a les tecles naturals, que s\u00f3n xapades d\u2019os, mentre que les alterades s\u00f3n de palissandre. T\u00e9 un pont d\u2019una secci\u00f3 i descansa sobre quatre potes curtes de secci\u00f3 quadrada. Les cordes s\u00f3n d&#8217;acer i els caps dels martellets estan folrats de pell.<\/p>\n","protected":false},"featured_media":2498,"template":"","class_list":["post-2497","arxius","type-arxius","status-publish","has-post-thumbnail","hentry","contribuidor-museu-de-la-musica-de-barcelona"],"yoast_head":"<!-- This site is optimized with the Yoast SEO plugin v21.7 - https:\/\/yoast.com\/wordpress\/plugins\/seo\/ -->\n<title>piano escriptori - Arxius Oberts<\/title>\n<meta name=\"robots\" content=\"index, follow, max-snippet:-1, max-image-preview:large, max-video-preview:-1\" \/>\n<link rel=\"canonical\" href=\"https:\/\/www.arxiusoberts.cat\/ca\/arxiu\/piano-escriptori\/\" \/>\n<meta property=\"og:locale\" content=\"ca_ES\" \/>\n<meta property=\"og:type\" content=\"article\" \/>\n<meta property=\"og:title\" content=\"piano escriptori - Arxius Oberts\" \/>\n<meta property=\"og:description\" content=\"\u00c9s un piano que est\u00e0 introdu\u00eft al segon calaix d&#8217;un moble en forma d&#8217;escriptori o calaixera amb la tapa superior de persiana. \u00c9s rectangular i t\u00e9 ordres dobles de cordes obliq\u00fces. El teclat t\u00e9 cinquanta-quatre tecles, de Do1 a Fa 5, i funciona amb mecanisme angl\u00e8s simple, sense apagadors i sense escapament. No t\u00e9 pedals [&hellip;]\" \/>\n<meta property=\"og:url\" content=\"https:\/\/www.arxiusoberts.cat\/ca\/arxiu\/piano-escriptori\/\" \/>\n<meta property=\"og:site_name\" content=\"Arxius Oberts\" \/>\n<meta property=\"article:modified_time\" content=\"2022-02-04T11:09:32+00:00\" \/>\n<meta property=\"og:image\" content=\"https:\/\/www.arxiusoberts.cat\/wp-content\/uploads\/2021\/12\/https3A2F2Fcoeli-icub-hum.s3-eu-west-1.amazonaws.com2Fpublic2FHeritageObject2FH3098352Fce5df06940bec6c381cad290abe256c72Ffull2Foriginal2F02Fdefault.jpg\" \/>\n\t<meta property=\"og:image:width\" content=\"800\" \/>\n\t<meta property=\"og:image:height\" content=\"766\" \/>\n\t<meta property=\"og:image:type\" content=\"image\/jpeg\" \/>\n<meta name=\"twitter:card\" content=\"summary_large_image\" \/>\n<meta name=\"twitter:label1\" content=\"Temps estimat de lectura\" \/>\n\t<meta name=\"twitter:data1\" content=\"1 minut\" \/>\n<script type=\"application\/ld+json\" class=\"yoast-schema-graph\">{\"@context\":\"https:\/\/schema.org\",\"@graph\":[{\"@type\":\"WebPage\",\"@id\":\"https:\/\/www.arxiusoberts.cat\/ca\/arxiu\/piano-escriptori\/\",\"url\":\"https:\/\/www.arxiusoberts.cat\/ca\/arxiu\/piano-escriptori\/\",\"name\":\"piano escriptori - Arxius Oberts\",\"isPartOf\":{\"@id\":\"https:\/\/www.arxiusoberts.cat\/ca\/#website\"},\"datePublished\":\"2021-12-10T10:36:08+00:00\",\"dateModified\":\"2022-02-04T11:09:32+00:00\",\"breadcrumb\":{\"@id\":\"https:\/\/www.arxiusoberts.cat\/ca\/arxiu\/piano-escriptori\/#breadcrumb\"},\"inLanguage\":\"ca\",\"potentialAction\":[{\"@type\":\"ReadAction\",\"target\":[\"https:\/\/www.arxiusoberts.cat\/ca\/arxiu\/piano-escriptori\/\"]}]},{\"@type\":\"BreadcrumbList\",\"@id\":\"https:\/\/www.arxiusoberts.cat\/ca\/arxiu\/piano-escriptori\/#breadcrumb\",\"itemListElement\":[{\"@type\":\"ListItem\",\"position\":1,\"name\":\"Inici\",\"item\":\"https:\/\/www.arxiusoberts.cat\/ca\/\"},{\"@type\":\"ListItem\",\"position\":2,\"name\":\"piano escriptori\"}]},{\"@type\":\"WebSite\",\"@id\":\"https:\/\/www.arxiusoberts.cat\/ca\/#website\",\"url\":\"https:\/\/www.arxiusoberts.cat\/ca\/\",\"name\":\"Arxius Oberts\",\"description\":\"Narratives comunit\u00e0ries de Barcelona\",\"potentialAction\":[{\"@type\":\"SearchAction\",\"target\":{\"@type\":\"EntryPoint\",\"urlTemplate\":\"https:\/\/www.arxiusoberts.cat\/ca\/?s={search_term_string}\"},\"query-input\":\"required name=search_term_string\"}],\"inLanguage\":\"ca\"}]}<\/script>\n<!-- \/ Yoast SEO plugin. -->","yoast_head_json":{"title":"piano escriptori - Arxius Oberts","robots":{"index":"index","follow":"follow","max-snippet":"max-snippet:-1","max-image-preview":"max-image-preview:large","max-video-preview":"max-video-preview:-1"},"canonical":"https:\/\/www.arxiusoberts.cat\/ca\/arxiu\/piano-escriptori\/","og_locale":"ca_ES","og_type":"article","og_title":"piano escriptori - Arxius Oberts","og_description":"\u00c9s un piano que est\u00e0 introdu\u00eft al segon calaix d&#8217;un moble en forma d&#8217;escriptori o calaixera amb la tapa superior de persiana. \u00c9s rectangular i t\u00e9 ordres dobles de cordes obliq\u00fces. El teclat t\u00e9 cinquanta-quatre tecles, de Do1 a Fa 5, i funciona amb mecanisme angl\u00e8s simple, sense apagadors i sense escapament. No t\u00e9 pedals [&hellip;]","og_url":"https:\/\/www.arxiusoberts.cat\/ca\/arxiu\/piano-escriptori\/","og_site_name":"Arxius Oberts","article_modified_time":"2022-02-04T11:09:32+00:00","og_image":[{"width":800,"height":766,"url":"https:\/\/www.arxiusoberts.cat\/wp-content\/uploads\/2021\/12\/https3A2F2Fcoeli-icub-hum.s3-eu-west-1.amazonaws.com2Fpublic2FHeritageObject2FH3098352Fce5df06940bec6c381cad290abe256c72Ffull2Foriginal2F02Fdefault.jpg","type":"image\/jpeg"}],"twitter_card":"summary_large_image","twitter_misc":{"Temps estimat de lectura":"1 minut"},"schema":{"@context":"https:\/\/schema.org","@graph":[{"@type":"WebPage","@id":"https:\/\/www.arxiusoberts.cat\/ca\/arxiu\/piano-escriptori\/","url":"https:\/\/www.arxiusoberts.cat\/ca\/arxiu\/piano-escriptori\/","name":"piano escriptori - Arxius Oberts","isPartOf":{"@id":"https:\/\/www.arxiusoberts.cat\/ca\/#website"},"datePublished":"2021-12-10T10:36:08+00:00","dateModified":"2022-02-04T11:09:32+00:00","breadcrumb":{"@id":"https:\/\/www.arxiusoberts.cat\/ca\/arxiu\/piano-escriptori\/#breadcrumb"},"inLanguage":"ca","potentialAction":[{"@type":"ReadAction","target":["https:\/\/www.arxiusoberts.cat\/ca\/arxiu\/piano-escriptori\/"]}]},{"@type":"BreadcrumbList","@id":"https:\/\/www.arxiusoberts.cat\/ca\/arxiu\/piano-escriptori\/#breadcrumb","itemListElement":[{"@type":"ListItem","position":1,"name":"Inici","item":"https:\/\/www.arxiusoberts.cat\/ca\/"},{"@type":"ListItem","position":2,"name":"piano escriptori"}]},{"@type":"WebSite","@id":"https:\/\/www.arxiusoberts.cat\/ca\/#website","url":"https:\/\/www.arxiusoberts.cat\/ca\/","name":"Arxius Oberts","description":"Narratives comunit\u00e0ries de Barcelona","potentialAction":[{"@type":"SearchAction","target":{"@type":"EntryPoint","urlTemplate":"https:\/\/www.arxiusoberts.cat\/ca\/?s={search_term_string}"},"query-input":"required name=search_term_string"}],"inLanguage":"ca"}]}},"_links":{"self":[{"href":"https:\/\/www.arxiusoberts.cat\/ca\/wp-json\/wp\/v2\/arxius\/2497","targetHints":{"allow":["GET"]}}],"collection":[{"href":"https:\/\/www.arxiusoberts.cat\/ca\/wp-json\/wp\/v2\/arxius"}],"about":[{"href":"https:\/\/www.arxiusoberts.cat\/ca\/wp-json\/wp\/v2\/types\/arxius"}],"wp:featuredmedia":[{"embeddable":true,"href":"https:\/\/www.arxiusoberts.cat\/ca\/wp-json\/wp\/v2\/media\/2498"}],"wp:attachment":[{"href":"https:\/\/www.arxiusoberts.cat\/ca\/wp-json\/wp\/v2\/media?parent=2497"}],"curies":[{"name":"wp","href":"https:\/\/api.w.org\/{rel}","templated":true}]}}